{"articles":[{"classes":["outercol"],"isFavourite":false,"isExternalUrl":{"articleLink":false},"articleListButtonsData":{"buttonsList":[{"label":"Les mer","url":"\/forstehjelps-kofferter\/beredskapsveske-beredskapskoffert-oyeskyll-forstehjelps-koffert-springkoffert-akuttbag-komplett-skre","type":"readmore"}],"mode":"default"},"favouriteType":null,"mnu":null,"section":null,"displayId":true,"docId":387,"identifier":"387Article","docType":"Article","customDate":false,"teaserData":{"teaserText":"F\u00f8rstehjelpskoffert","mode":"default"},"content":{"teaser":"F\u00f8rstehjelpskoffert","intro":"Den perfekte skreddersydde beredskapsvesken Softbag Large av EVA materiale."},"titles":{"main":"Beredskapsveske","readMoreButton":"Les mer"},"urls":{"readMore":"\/forstehjelps-kofferter\/beredskapsveske-beredskapskoffert-oyeskyll-forstehjelps-koffert-springkoffert-akuttbag-komplett-skre","booking":null},"created":{"date":"01.05.2022","time":"15:38","timestamp":1651412280},"introAllowHtml":false,"hasTicket":false,"extra":null,"hasReadMore":true,"media":{"imageData":{"path":"\/sites\/j\/jrtrading.no\/files\/img_20220501_152227_1.jpg","width":2736,"height":3648,"aspectRatio":0.75},"previewImageUrl":"\/sites\/j\/jrtrading.no\/files\/img_20220501_152227_1.jpg?cropToFit=100x100&quality=50","imageVariants":[{"path":"\/sites\/j\/jrtrading.no\/files\/img_20220501_152227_1.jpg?cropToFit=100x100&quality=75","width":100,"height":100,"aspectRatio":1},{"path":"\/sites\/j\/jrtrading.no\/files\/img_20220501_152227_1.jpg?cropToFit=200x200&quality=75","width":200,"height":200,"aspectRatio":1},{"path":"\/sites\/j\/jrtrading.no\/files\/img_20220501_152227_1.jpg?cropToFit=400x400&quality=75","width":400,"height":400,"aspectRatio":1},{"path":"\/sites\/j\/jrtrading.no\/files\/img_20220501_152227_1.jpg?cropToFit=600x600&quality=75","width":600,"height":600,"aspectRatio":1},{"path":"\/sites\/j\/jrtrading.no\/files\/img_20220501_152227_1.jpg?cropToFit=800x800&quality=75","width":800,"height":800,"aspectRatio":1},{"path":"\/sites\/j\/jrtrading.no\/files\/img_20220501_152227_1.jpg?cropToFit=1000x1000&quality=75","width":1000,"height":1000,"aspectRatio":1},{"path":"\/sites\/j\/jrtrading.no\/files\/img_20220501_152227_1.jpg?cropToFit=1200x1200&quality=75","width":1200,"height":1200,"aspectRatio":1}],"image":"\/sites\/j\/jrtrading.no\/files\/img_20220501_152227_1.jpg","aspect":1,"type":"image","description":"beredskapsveske-beredskapskoffert-forstehjelps-koffert-springkoffert-akuttbag-komplett-skreddersydd"},"additionalData":[]},{"classes":["outercol"],"isFavourite":false,"isExternalUrl":{"articleLink":false},"articleListButtonsData":{"buttonsList":[{"label":"Les mer","url":"\/forstehjelps-kofferter\/forstehjelpskoffert-komplett-oyeskyll-veggfeste-skreddersydd","type":"readmore"}],"mode":"default"},"favouriteType":null,"mnu":null,"section":null,"displayId":true,"docId":93,"identifier":"93Article","docType":"Article","customDate":false,"teaserData":{"teaserText":"medium komplett","mode":"default"},"content":{"teaser":"medium komplett","intro":"Den perfekte \"springe-kofferten\" til ulykker som kan skje. Inneholder alt av standard\/spesial-produkter.  "},"titles":{"main":"Komplett Koffert m\/veggfeste","readMoreButton":"Les mer"},"urls":{"readMore":"\/forstehjelps-kofferter\/forstehjelpskoffert-komplett-oyeskyll-veggfeste-skreddersydd","booking":null},"created":{"date":"15.10.2019","time":"14:42","timestamp":1571143320},"introAllowHtml":false,"hasTicket":false,"extra":null,"hasReadMore":true,"media":{"imageData":{"path":"\/sites\/j\/jrtrading.no\/files\/img_20221024_200406.jpg","width":3648,"height":2736,"aspectRatio":1.3333333333333333},"previewImageUrl":"\/sites\/j\/jrtrading.no\/files\/img_20221024_200406.jpg?cropToFit=100x100&quality=50","imageVariants":[{"path":"\/sites\/j\/jrtrading.no\/files\/img_20221024_200406.jpg?cropToFit=100x100&quality=75","width":100,"height":100,"aspectRatio":1},{"path":"\/sites\/j\/jrtrading.no\/files\/img_20221024_200406.jpg?cropToFit=200x200&quality=75","width":200,"height":200,"aspectRatio":1},{"path":"\/sites\/j\/jrtrading.no\/files\/img_20221024_200406.jpg?cropToFit=400x400&quality=75","width":400,"height":400,"aspectRatio":1},{"path":"\/sites\/j\/jrtrading.no\/files\/img_20221024_200406.jpg?cropToFit=600x600&quality=75","width":600,"height":600,"aspectRatio":1},{"path":"\/sites\/j\/jrtrading.no\/files\/img_20221024_200406.jpg?cropToFit=800x800&quality=75","width":800,"height":800,"aspectRatio":1},{"path":"\/sites\/j\/jrtrading.no\/files\/img_20221024_200406.jpg?cropToFit=1000x1000&quality=75","width":1000,"height":1000,"aspectRatio":1},{"path":"\/sites\/j\/jrtrading.no\/files\/img_20221024_200406.jpg?cropToFit=1200x1200&quality=75","width":1200,"height":1200,"aspectRatio":1}],"image":"\/sites\/j\/jrtrading.no\/files\/img_20221024_200406.jpg","aspect":1,"type":"image","description":"Komplett skreddersydd Innhold"},"additionalData":[]},{"classes":["outercol"],"isFavourite":false,"isExternalUrl":{"articleLink":false},"articleListButtonsData":{"buttonsList":[{"label":"Les mer","url":"\/forstehjelps-kofferter\/forstehjelpskoffert-bil-komplett-veggfeste-borrelas-skreddersydd-oyeskyll","type":"readmore"}],"mode":"default"},"favouriteType":null,"mnu":null,"section":null,"displayId":true,"docId":94,"identifier":"94Article","docType":"Article","customDate":false,"teaserData":{"teaserText":"liten","mode":"default"},"content":{"teaser":"liten","intro":"F\u00f8rstehjelpskoffert med enkelt innhold som er lett \u00e5 bruke og lett \u00e5 finne frem. "},"titles":{"main":"Liten Koffert Komplett til bil \/ b\u00e5t","readMoreButton":"Les mer"},"urls":{"readMore":"\/forstehjelps-kofferter\/forstehjelpskoffert-bil-komplett-veggfeste-borrelas-skreddersydd-oyeskyll","booking":null},"created":{"date":"15.10.2019","time":"14:52","timestamp":1571143920},"introAllowHtml":false,"hasTicket":false,"extra":null,"hasReadMore":true,"media":{"imageData":{"path":"\/sites\/j\/jrtrading.no\/files\/img_20221024_210437.jpg","width":4608,"height":3456,"aspectRatio":1.3333333333333333},"previewImageUrl":"\/sites\/j\/jrtrading.no\/files\/img_20221024_210437.jpg?cropToFit=100x100&quality=50","imageVariants":[{"path":"\/sites\/j\/jrtrading.no\/files\/img_20221024_210437.jpg?cropToFit=100x100&quality=75","width":100,"height":100,"aspectRatio":1},{"path":"\/sites\/j\/jrtrading.no\/files\/img_20221024_210437.jpg?cropToFit=200x200&quality=75","width":200,"height":200,"aspectRatio":1},{"path":"\/sites\/j\/jrtrading.no\/files\/img_20221024_210437.jpg?cropToFit=400x400&quality=75","width":400,"height":400,"aspectRatio":1},{"path":"\/sites\/j\/jrtrading.no\/files\/img_20221024_210437.jpg?cropToFit=600x600&quality=75","width":600,"height":600,"aspectRatio":1},{"path":"\/sites\/j\/jrtrading.no\/files\/img_20221024_210437.jpg?cropToFit=800x800&quality=75","width":800,"height":800,"aspectRatio":1},{"path":"\/sites\/j\/jrtrading.no\/files\/img_20221024_210437.jpg?cropToFit=1000x1000&quality=75","width":1000,"height":1000,"aspectRatio":1},{"path":"\/sites\/j\/jrtrading.no\/files\/img_20221024_210437.jpg?cropToFit=1200x1200&quality=75","width":1200,"height":1200,"aspectRatio":1}],"image":"\/sites\/j\/jrtrading.no\/files\/img_20221024_210437.jpg","aspect":1,"type":"image","description":"liten f\u00f8rstehjelpskoffert til bil med veggfeste"},"additionalData":[]},{"classes":["outercol"],"isFavourite":false,"isExternalUrl":{"articleLink":false},"articleListButtonsData":{"buttonsList":[{"label":"Les mer","url":"\/forstehjelps-kofferter\/forstehjelp-pute-softbag-small-liten-tur-reise-skreddersydd-komplett-oyeskyll","type":"readmore"}],"mode":"default"},"favouriteType":null,"mnu":null,"section":null,"displayId":true,"docId":475,"identifier":"475Article","docType":"Article","customDate":false,"teaserData":{"teaserText":"f\u00f8rstehjelpspute","mode":"default"},"content":{"teaser":"f\u00f8rstehjelpspute","intro":"Den skreddersydde f\u00f8rstehjelpsputen som er lett \u00e5 ta med seg p\u00e5 tur, alt som trengs i en liten myk veske."},"titles":{"main":"Softbag small","readMoreButton":"Les mer"},"urls":{"readMore":"\/forstehjelps-kofferter\/forstehjelp-pute-softbag-small-liten-tur-reise-skreddersydd-komplett-oyeskyll","booking":null},"created":{"date":"08.11.2022","time":"23:19","timestamp":1667945940},"introAllowHtml":false,"hasTicket":false,"extra":null,"hasReadMore":true,"media":{"imageData":{"path":"\/sites\/j\/jrtrading.no\/files\/img_20221029_141930.jpg","width":3648,"height":2736,"aspectRatio":1.3333333333333333},"previewImageUrl":"\/sites\/j\/jrtrading.no\/files\/img_20221029_141930.jpg?cropToFit=100x100&quality=50","imageVariants":[{"path":"\/sites\/j\/jrtrading.no\/files\/img_20221029_141930.jpg?cropToFit=100x100&quality=75","width":100,"height":100,"aspectRatio":1},{"path":"\/sites\/j\/jrtrading.no\/files\/img_20221029_141930.jpg?cropToFit=200x200&quality=75","width":200,"height":200,"aspectRatio":1},{"path":"\/sites\/j\/jrtrading.no\/files\/img_20221029_141930.jpg?cropToFit=400x400&quality=75","width":400,"height":400,"aspectRatio":1},{"path":"\/sites\/j\/jrtrading.no\/files\/img_20221029_141930.jpg?cropToFit=600x600&quality=75","width":600,"height":600,"aspectRatio":1},{"path":"\/sites\/j\/jrtrading.no\/files\/img_20221029_141930.jpg?cropToFit=800x800&quality=75","width":800,"height":800,"aspectRatio":1},{"path":"\/sites\/j\/jrtrading.no\/files\/img_20221029_141930.jpg?cropToFit=1000x1000&quality=75","width":1000,"height":1000,"aspectRatio":1},{"path":"\/sites\/j\/jrtrading.no\/files\/img_20221029_141930.jpg?cropToFit=1200x1200&quality=75","width":1200,"height":1200,"aspectRatio":1}],"image":"\/sites\/j\/jrtrading.no\/files\/img_20221029_141930.jpg","aspect":1,"type":"image","description":"forstehjelp-pute-softbag-small-liten-tur-reise-skreddersydd-komplett-oyeskyll"},"additionalData":[]},{"classes":["outercol"],"isFavourite":false,"isExternalUrl":{"articleLink":false},"articleListButtonsData":{"buttonsList":[{"label":"Les mer","url":"\/forstehjelps-kofferter\/forstehjelpskoffert-enkel-med-veggfeste","type":"readmore"}],"mode":"default"},"favouriteType":null,"mnu":null,"section":null,"displayId":true,"docId":95,"identifier":"95Article","docType":"Article","customDate":false,"teaserData":{"teaserText":"medium","mode":"default"},"content":{"teaser":"medium","intro":"F\u00f8rstehjelpskoffert med enkelt innhold som er lett \u00e5 bruke og lett \u00e5 finne frem. "},"titles":{"main":"Medium Koffert m\/veggfeste","readMoreButton":"Les mer"},"urls":{"readMore":"\/forstehjelps-kofferter\/forstehjelpskoffert-enkel-med-veggfeste","booking":null},"created":{"date":"15.10.2019","time":"14:55","timestamp":1571144100},"introAllowHtml":false,"hasTicket":false,"extra":null,"hasReadMore":true,"media":{"imageData":{"path":"\/sites\/j\/jrtrading.no\/files\/img_20180918_162516_1.jpg","width":1563,"height":1800,"aspectRatio":0.8683333333333333},"previewImageUrl":"\/sites\/j\/jrtrading.no\/files\/img_20180918_162516_1.jpg?cropToFit=100x100&quality=50","imageVariants":[{"path":"\/sites\/j\/jrtrading.no\/files\/img_20180918_162516_1.jpg?cropToFit=100x100&quality=75","width":100,"height":100,"aspectRatio":1},{"path":"\/sites\/j\/jrtrading.no\/files\/img_20180918_162516_1.jpg?cropToFit=200x200&quality=75","width":200,"height":200,"aspectRatio":1},{"path":"\/sites\/j\/jrtrading.no\/files\/img_20180918_162516_1.jpg?cropToFit=400x400&quality=75","width":400,"height":400,"aspectRatio":1},{"path":"\/sites\/j\/jrtrading.no\/files\/img_20180918_162516_1.jpg?cropToFit=600x600&quality=75","width":600,"height":600,"aspectRatio":1},{"path":"\/sites\/j\/jrtrading.no\/files\/img_20180918_162516_1.jpg?cropToFit=800x800&quality=75","width":800,"height":800,"aspectRatio":1},{"path":"\/sites\/j\/jrtrading.no\/files\/img_20180918_162516_1.jpg?cropToFit=1000x1000&quality=75","width":1000,"height":1000,"aspectRatio":1},{"path":"\/sites\/j\/jrtrading.no\/files\/img_20180918_162516_1.jpg?cropToFit=1200x1200&quality=75","width":1200,"height":1200,"aspectRatio":1}],"image":"\/sites\/j\/jrtrading.no\/files\/img_20180918_162516_1.jpg","aspect":1,"type":"image","description":"medium koffert m\/ veggfeste"},"additionalData":[]},{"classes":["outercol"],"isFavourite":false,"isExternalUrl":{"articleLink":false},"articleListButtonsData":{"buttonsList":[{"label":"Les mer","url":"\/forstehjelps-kofferter\/stor-forstehjelps-koffert-komplett-m-veggfeste","type":"readmore"}],"mode":"default"},"favouriteType":null,"mnu":null,"section":null,"displayId":true,"docId":150,"identifier":"150Article","docType":"Article","customDate":false,"teaserData":{"teaserText":"stor komplett","mode":"default"},"content":{"teaser":"stor komplett","intro":"Den perfekte \"springe-kofferten\" til ulykker som kan skje. Inneholder alt av standard\/spesial-produkter + mer antall produkter. "},"titles":{"main":"Komplett koffert m\/ veggfeste","readMoreButton":"Les mer"},"urls":{"readMore":"\/forstehjelps-kofferter\/stor-forstehjelps-koffert-komplett-m-veggfeste","booking":null},"created":{"date":"11.12.2019","time":"17:03","timestamp":1576080180},"introAllowHtml":false,"hasTicket":false,"extra":null,"hasReadMore":true,"media":{"imageData":{"path":"\/sites\/j\/jrtrading.no\/files\/img_20191211_174554.jpg","width":1293,"height":1800,"aspectRatio":0.7183333333333334},"previewImageUrl":"\/sites\/j\/jrtrading.no\/files\/img_20191211_174554.jpg?cropToFit=100x100&quality=50","imageVariants":[{"path":"\/sites\/j\/jrtrading.no\/files\/img_20191211_174554.jpg?cropToFit=100x100&quality=75","width":100,"height":100,"aspectRatio":1},{"path":"\/sites\/j\/jrtrading.no\/files\/img_20191211_174554.jpg?cropToFit=200x200&quality=75","width":200,"height":200,"aspectRatio":1},{"path":"\/sites\/j\/jrtrading.no\/files\/img_20191211_174554.jpg?cropToFit=400x400&quality=75","width":400,"height":400,"aspectRatio":1},{"path":"\/sites\/j\/jrtrading.no\/files\/img_20191211_174554.jpg?cropToFit=600x600&quality=75","width":600,"height":600,"aspectRatio":1},{"path":"\/sites\/j\/jrtrading.no\/files\/img_20191211_174554.jpg?cropToFit=800x800&quality=75","width":800,"height":800,"aspectRatio":1},{"path":"\/sites\/j\/jrtrading.no\/files\/img_20191211_174554.jpg?cropToFit=1000x1000&quality=75","width":1000,"height":1000,"aspectRatio":1},{"path":"\/sites\/j\/jrtrading.no\/files\/img_20191211_174554.jpg?cropToFit=1200x1200&quality=75","width":1200,"height":1200,"aspectRatio":1}],"image":"\/sites\/j\/jrtrading.no\/files\/img_20191211_174554.jpg","aspect":1,"type":"image","description":"Stor f\u00f8rstehjelpskoffert med veggfeste"},"additionalData":[]},{"classes":["outercol"],"isFavourite":false,"isExternalUrl":{"articleLink":false},"articleListButtonsData":{"buttonsList":[{"label":"Les mer","url":"\/forstehjelps-kofferter\/komplett-brannskade-koffert-med-veggfeste-medium-brannkoffert-burnshield-forstehjelpsprodukter-for-b","type":"readmore"}],"mode":"default"},"favouriteType":null,"mnu":null,"section":null,"displayId":true,"docId":329,"identifier":"329Article","docType":"Article","customDate":false,"teaserData":{"teaserText":"Medium","mode":"default"},"content":{"teaser":"Medium","intro":"Denne kofferten m\/veggfeste er perfekt hvis du \u00f8nsker\/trenger litt mer utvalg av brannskade-produkter som er yppelig n\u00e5r uhellet f\u00f8rst er ute. "},"titles":{"main":"Brannskade-koffert Komplett m\/veggfeste","readMoreButton":"Les mer"},"urls":{"readMore":"\/forstehjelps-kofferter\/komplett-brannskade-koffert-med-veggfeste-medium-brannkoffert-burnshield-forstehjelpsprodukter-for-b","booking":null},"created":{"date":"19.10.2020","time":"10:23","timestamp":1603095780},"introAllowHtml":false,"hasTicket":false,"extra":null,"hasReadMore":true,"media":{"imageData":{"path":"\/sites\/j\/jrtrading.no\/files\/img_20201022_080939.jpg","width":1358,"height":1800,"aspectRatio":0.7544444444444445},"previewImageUrl":"\/sites\/j\/jrtrading.no\/files\/img_20201022_080939.jpg?cropToFit=100x100&quality=50","imageVariants":[{"path":"\/sites\/j\/jrtrading.no\/files\/img_20201022_080939.jpg?cropToFit=100x100&quality=75","width":100,"height":100,"aspectRatio":1},{"path":"\/sites\/j\/jrtrading.no\/files\/img_20201022_080939.jpg?cropToFit=200x200&quality=75","width":200,"height":200,"aspectRatio":1},{"path":"\/sites\/j\/jrtrading.no\/files\/img_20201022_080939.jpg?cropToFit=400x400&quality=75","width":400,"height":400,"aspectRatio":1},{"path":"\/sites\/j\/jrtrading.no\/files\/img_20201022_080939.jpg?cropToFit=600x600&quality=75","width":600,"height":600,"aspectRatio":1},{"path":"\/sites\/j\/jrtrading.no\/files\/img_20201022_080939.jpg?cropToFit=800x800&quality=75","width":800,"height":800,"aspectRatio":1},{"path":"\/sites\/j\/jrtrading.no\/files\/img_20201022_080939.jpg?cropToFit=1000x1000&quality=75","width":1000,"height":1000,"aspectRatio":1},{"path":"\/sites\/j\/jrtrading.no\/files\/img_20201022_080939.jpg?cropToFit=1200x1200&quality=75","width":1200,"height":1200,"aspectRatio":1}],"image":"\/sites\/j\/jrtrading.no\/files\/img_20201022_080939.jpg","aspect":1,"type":"image","description":"komplett-brannskade-koffert-med-veggfeste-brannkoffert-burnshield-forstehjelpsprodukter-for-brannska"},"additionalData":[]},{"classes":["outercol"],"isFavourite":false,"isExternalUrl":{"articleLink":false},"articleListButtonsData":{"buttonsList":[{"label":"Les mer","url":"\/forstehjelps-kofferter\/komplett-brannskade-koffert-med-veggfeste-stor-brannkoffert-burnshield-forstehjelpsprodukter-for-bra","type":"readmore"}],"mode":"default"},"favouriteType":null,"mnu":null,"section":null,"displayId":true,"docId":331,"identifier":"331Article","docType":"Article","customDate":false,"teaserData":{"teaserText":"Stor","mode":"default"},"content":{"teaser":"Stor","intro":"Denne kofferten m\/veggfeste er perfekt hvis du \u00f8nsker\/trenger litt mer utvalg av brannskade-produkter som er yppelig n\u00e5r uhellet f\u00f8rst er ute. "},"titles":{"main":"Brannskade-koffert Komplett Stor m\/veggfeste","readMoreButton":"Les mer"},"urls":{"readMore":"\/forstehjelps-kofferter\/komplett-brannskade-koffert-med-veggfeste-stor-brannkoffert-burnshield-forstehjelpsprodukter-for-bra","booking":null},"created":{"date":"21.10.2020","time":"06:38","timestamp":1603255080},"introAllowHtml":false,"hasTicket":false,"extra":null,"hasReadMore":true,"media":{"imageData":{"path":"\/sites\/j\/jrtrading.no\/files\/img_20201022_080616.jpg","width":1391,"height":1800,"aspectRatio":0.7727777777777778},"previewImageUrl":"\/sites\/j\/jrtrading.no\/files\/img_20201022_080616.jpg?cropToFit=100x100&quality=50","imageVariants":[{"path":"\/sites\/j\/jrtrading.no\/files\/img_20201022_080616.jpg?cropToFit=100x100&quality=75","width":100,"height":100,"aspectRatio":1},{"path":"\/sites\/j\/jrtrading.no\/files\/img_20201022_080616.jpg?cropToFit=200x200&quality=75","width":200,"height":200,"aspectRatio":1},{"path":"\/sites\/j\/jrtrading.no\/files\/img_20201022_080616.jpg?cropToFit=400x400&quality=75","width":400,"height":400,"aspectRatio":1},{"path":"\/sites\/j\/jrtrading.no\/files\/img_20201022_080616.jpg?cropToFit=600x600&quality=75","width":600,"height":600,"aspectRatio":1},{"path":"\/sites\/j\/jrtrading.no\/files\/img_20201022_080616.jpg?cropToFit=800x800&quality=75","width":800,"height":800,"aspectRatio":1},{"path":"\/sites\/j\/jrtrading.no\/files\/img_20201022_080616.jpg?cropToFit=1000x1000&quality=75","width":1000,"height":1000,"aspectRatio":1},{"path":"\/sites\/j\/jrtrading.no\/files\/img_20201022_080616.jpg?cropToFit=1200x1200&quality=75","width":1200,"height":1200,"aspectRatio":1}],"image":"\/sites\/j\/jrtrading.no\/files\/img_20201022_080616.jpg","aspect":1,"type":"image","description":"komplett-brannskade-koffert-med-veggfeste-brannkoffert-burnshield-forstehjelpsprodukter-for-brannska"},"additionalData":[]},{"classes":["outercol"],"isFavourite":false,"isExternalUrl":{"articleLink":false},"articleListButtonsData":{"buttonsList":[{"label":"Les mer","url":"\/forstehjelps-kofferter\/komplett-brannskade-koffert-med-veggfeste-liten-small-brannkoffert-burnshield-forstehjelpsprodukter-","type":"readmore"}],"mode":"default"},"favouriteType":null,"mnu":null,"section":null,"displayId":true,"docId":332,"identifier":"332Article","docType":"Article","customDate":false,"teaserData":{"teaserText":"liten","mode":"default"},"content":{"teaser":"liten","intro":"Denne kofferten m\/veggfeste er perfekt hvis du \u00f8nsker\/trenger litt mer utvalg av brannskade-produkter som er yppelig n\u00e5r uhellet f\u00f8rst er ute. "},"titles":{"main":"Brannskade-koffert liten m\/veggfeste","readMoreButton":"Les mer"},"urls":{"readMore":"\/forstehjelps-kofferter\/komplett-brannskade-koffert-med-veggfeste-liten-small-brannkoffert-burnshield-forstehjelpsprodukter-","booking":null},"created":{"date":"22.10.2020","time":"07:27","timestamp":1603344420},"introAllowHtml":false,"hasTicket":false,"extra":null,"hasReadMore":true,"media":{"imageData":{"path":"\/sites\/j\/jrtrading.no\/files\/img_20201022_081958.jpg","width":1726,"height":1800,"aspectRatio":0.9588888888888889},"previewImageUrl":"\/sites\/j\/jrtrading.no\/files\/img_20201022_081958.jpg?cropToFit=100x100&quality=50","imageVariants":[{"path":"\/sites\/j\/jrtrading.no\/files\/img_20201022_081958.jpg?cropToFit=100x100&quality=75","width":100,"height":100,"aspectRatio":1},{"path":"\/sites\/j\/jrtrading.no\/files\/img_20201022_081958.jpg?cropToFit=200x200&quality=75","width":200,"height":200,"aspectRatio":1},{"path":"\/sites\/j\/jrtrading.no\/files\/img_20201022_081958.jpg?cropToFit=400x400&quality=75","width":400,"height":400,"aspectRatio":1},{"path":"\/sites\/j\/jrtrading.no\/files\/img_20201022_081958.jpg?cropToFit=600x600&quality=75","width":600,"height":600,"aspectRatio":1},{"path":"\/sites\/j\/jrtrading.no\/files\/img_20201022_081958.jpg?cropToFit=800x800&quality=75","width":800,"height":800,"aspectRatio":1},{"path":"\/sites\/j\/jrtrading.no\/files\/img_20201022_081958.jpg?cropToFit=1000x1000&quality=75","width":1000,"height":1000,"aspectRatio":1},{"path":"\/sites\/j\/jrtrading.no\/files\/img_20201022_081958.jpg?cropToFit=1200x1200&quality=75","width":1200,"height":1200,"aspectRatio":1}],"image":"\/sites\/j\/jrtrading.no\/files\/img_20201022_081958.jpg","aspect":1,"type":"image","description":"komplett-brannskade-koffert-med-veggfeste-brannkoffert-burnshield-forstehjelpsprodukter-for-brannska"},"additionalData":[]}],"pages":[1],"currentPage":1,"sections":[]}